{"id":9126,"date":"2021-10-31T20:40:32","date_gmt":"2021-10-31T20:40:32","guid":{"rendered":"https:\/\/mochacelis.org\/?page_id=9126"},"modified":"2024-05-15T22:24:26","modified_gmt":"2024-05-15T22:24:26","slug":"acceso-derechos","status":"publish","type":"page","link":"https:\/\/mochacelis.org\/en\/programas\/acceso-derechos\/","title":{"rendered":"Access to Rights"},"content":{"rendered":"<div data-elementor-type=\"wp-page\" data-elementor-id=\"9126\" class=\"elementor elementor-9126\">\n\t\t\t\t\t\t<section class=\"elementor-section elementor-top-section elementor-element elementor-element-5f88ca6 elementor-section-boxed elementor-section-height-default elementor-section-height-default\" data-id=\"5f88ca6\" data-element_type=\"section\">\n\t\t\t\t\t\t<div class=\"elementor-container elementor-column-gap-default\">\n\t\t\t\t\t<div class=\"elementor-column elementor-col-50 elementor-top-column elementor-element elementor-element-02a3a47\" data-id=\"02a3a47\" data-element_type=\"column\">\n\t\t\t<div class=\"elementor-widget-wrap elementor-element-populated\">\n\t\t\t\t\t\t<div class=\"elementor-element elementor-element-e9ab62b elementor-widget elementor-widget-hub_fancy_heading\" data-id=\"e9ab62b\" data-element_type=\"widget\" data-widget_type=\"hub_fancy_heading.default\">\n\t\t\t\t<div class=\"elementor-widget-container\">\n\t\t\t\t\t\n\t\t<div id=\"ld-fancy-heading-69ee3afe37b08\" class=\"ld-fancy-heading pos-rel\">\n\t\t\t<h2 class=\"ld-fh-element d-inline-block pos-rel  elementor-heading-title lqd-highlight-classic lqd-highlight-grow-left h2\"  > Access to Rights<\/h2>\t\t<\/div>\n\n\t\t\t\t\t\t<\/div>\n\t\t\t\t<\/div>\n\t\t\t\t<div class=\"elementor-element elementor-element-da0c318 elementor-widget elementor-widget-spacer\" data-id=\"da0c318\" data-element_type=\"widget\" data-widget_type=\"spacer.default\">\n\t\t\t\t<div class=\"elementor-widget-container\">\n\t\t\t\t\t\t\t<div class=\"elementor-spacer\">\n\t\t\t<div class=\"elementor-spacer-inner\"><\/div>\n\t\t<\/div>\n\t\t\t\t\t\t<\/div>\n\t\t\t\t<\/div>\n\t\t\t\t<div class=\"elementor-element elementor-element-b9384e5 elementor-widget elementor-widget-text-editor\" data-id=\"b9384e5\" data-element_type=\"widget\" data-widget_type=\"text-editor.default\">\n\t\t\t\t<div class=\"elementor-widget-container\">\n\t\t\t\t\t\t\t\t\t<p><span style=\"font-weight: 400;\">El Programa Acceso a Derechos est\u00e1 compuesto por equipos interdisciplinarios que, desde una escucha atenta y amorosa acompa\u00f1an, asisten y asesoran a las personas que se acercan al espacio para garantizar el acceso a los distintos derechos que atraviesan a las personas. Trabajamos en conjunto con otras instituciones del Estado y de la sociedad civil para que sea real el acceso integral a los derechos.\u00a0<br \/><br \/><\/span><span style=\"font-weight: 400;\"><strong>Atendemos de forma presencial de lunes a viernes de 11 a 19 horas en nuestra sede social<\/strong>. Te esperamos.<\/span><\/p>\t\t\t\t\t\t\t\t<\/div>\n\t\t\t\t<\/div>\n\t\t\t\t<div class=\"elementor-element elementor-element-d232d5b elementor-widget elementor-widget-ld_button\" data-id=\"d232d5b\" data-element_type=\"widget\" data-widget_type=\"ld_button.default\">\n\t\t\t\t<div class=\"elementor-widget-container\">\n\t\t\t\t\t\n\t\t\t<a\n\t\t\t\tclass=\"elementor-button btn btn-naked btn-icon-right btn-has-label\" data-localscroll=\"1\" data-localscroll-options=\"{&quot;scrollBelowSection&quot;:true}\" href=\"#\"\t\t\t>\n\t\t\t\t\t\t\t\t\t<span data-text=\"SABER M\u00c1S\" class=\"btn-txt\">\n\t\t\t\t\t\tLEARN MORE\t\t\t\t\t<\/span>\n\t\t\t\t\t\t\t\t\t\t\t\t\t\t<span class=\"btn-icon\">\n\t\t\t\t\t\t\t<i aria-hidden=\"true\" class=\"lqd-icn-ess icon-md-arrow-down\"><\/i>\t\t\t\t\t\t<\/span>\n\t\t\t\t\t\t\t\t\t<\/a>\n\t\t\t\t\t\t\t<\/div>\n\t\t\t\t<\/div>\n\t\t\t\t\t<\/div>\n\t\t<\/div>\n\t\t\t\t<div class=\"elementor-column elementor-col-50 elementor-top-column elementor-element elementor-element-8dfec3a\" data-id=\"8dfec3a\" data-element_type=\"column\">\n\t\t\t<div class=\"elementor-widget-wrap elementor-element-populated\">\n\t\t\t\t\t\t<div class=\"elementor-element elementor-element-3121d97 elementor-widget elementor-widget-ld_fancy_image\" data-id=\"3121d97\" data-element_type=\"widget\" data-widget_type=\"ld_fancy_image.default\">\n\t\t\t\t<div class=\"elementor-widget-container\">\n\t\t\t\t\t\n\t\t<div class=\"lqd-imggrp-single d-block pos-rel\">\n\t\t\t<div class=\"lqd-imggrp-img-container d-inline-flex pos-rel align-items-center justify-content-center\">\n\t\t\t\t\t\t\t\t<figure class=\"w-100 pos-rel\">\n\t\t\t\t\t<img fetchpriority=\"high\" decoding=\"async\" width=\"500\" height=\"330\" src=\"https:\/\/mochacelis.org\/wp-content\/uploads\/2021\/11\/mocha-hero-derechos.jpg\" class=\"attachment-full size-full wp-image-11308\" alt=\"\" srcset=\"https:\/\/mochacelis.org\/wp-content\/uploads\/2021\/11\/mocha-hero-derechos.jpg 500w, https:\/\/mochacelis.org\/wp-content\/uploads\/2021\/11\/mocha-hero-derechos-300x198.jpg 300w, https:\/\/mochacelis.org\/wp-content\/uploads\/2021\/11\/mocha-hero-derechos-18x12.jpg 18w\" sizes=\"(max-width: 500px) 100vw, 500px\" itemprop=\"image\" \/>\t\t\t\t\t\t\t\t\t\t\t\t\t\t\t\t\t\t\t\t\t\t\t\t\t\t\t\t\t<\/figure>\n\t\t\t<\/div>\n\t\t<\/div>\n\n\t\t\t\t\t<\/div>\n\t\t\t\t<\/div>\n\t\t\t\t\t<\/div>\n\t\t<\/div>\n\t\t\t\t\t<\/div>\n\t\t<\/section>\n\t\t\t\t<section class=\"elementor-section elementor-top-section elementor-element elementor-element-e8572cc elementor-section-boxed elementor-section-height-default elementor-section-height-default\" data-id=\"e8572cc\" data-element_type=\"section\" data-settings=\"{&quot;background_background&quot;:&quot;classic&quot;}\">\n\t\t\t\t\t\t<div class=\"elementor-container elementor-column-gap-default\">\n\t\t\t\t\t<div class=\"elementor-column elementor-col-100 elementor-top-column elementor-element elementor-element-227b065\" data-id=\"227b065\" data-element_type=\"column\">\n\t\t\t<div class=\"elementor-widget-wrap elementor-element-populated\">\n\t\t\t\t\t\t<div class=\"elementor-element elementor-element-e4a5e6b elementor-widget elementor-widget-hub_fancy_heading\" data-id=\"e4a5e6b\" data-element_type=\"widget\" data-widget_type=\"hub_fancy_heading.default\">\n\t\t\t\t<div class=\"elementor-widget-container\">\n\t\t\t\t\t\n\t\t<div id=\"ld-fancy-heading-69ee3afe3b19c\" class=\"ld-fancy-heading pos-rel\">\n\t\t\t<h3 class=\"ld-fh-element d-inline-block pos-rel  elementor-heading-title lqd-highlight-classic lqd-highlight-grow-left h3\"  > Nuestro equipo est\u00e1 conformado por diferentes profesionales, pasantes y voluntaries con perspectiva de g\u00e9nero en \u00e1reas como:<\/h3>\t\t<\/div>\n\n\t\t\t\t\t\t<\/div>\n\t\t\t\t<\/div>\n\t\t\t\t\t<\/div>\n\t\t<\/div>\n\t\t\t\t\t<\/div>\n\t\t<\/section>\n\t\t\t\t<section class=\"elementor-section elementor-top-section elementor-element elementor-element-37150d40 elementor-section-content-middle elementor-section-boxed elementor-section-height-default elementor-section-height-default\" data-id=\"37150d40\" data-element_type=\"section\" data-settings=\"{&quot;background_background&quot;:&quot;classic&quot;}\">\n\t\t\t\t\t\t<div class=\"elementor-container elementor-column-gap-extended\">\n\t\t\t\t\t<div class=\"elementor-column elementor-col-33 elementor-top-column elementor-element elementor-element-4b82cfc7\" data-id=\"4b82cfc7\" data-element_type=\"column\">\n\t\t\t<div class=\"elementor-widget-wrap elementor-element-populated\">\n\t\t\t\t\t\t<div class=\"elementor-element elementor-element-6acfb988 elementor-align-center elementor-widget elementor-widget-ld_icon_box\" data-id=\"6acfb988\" data-element_type=\"widget\" data-widget_type=\"ld_icon_box.default\">\n\t\t\t\t<div class=\"elementor-widget-container\">\n\t\t\t\t\t\n\t\t\t<div id=\"ld_icon_box_6acfb988\" class=\"iconbox d-flex flex-grow-1 pos-rel flex-column iconbox-default iconbox-icon-shaped iconbox-circle\"   >\n\n\t\t\t\t\n\t\t\t\t<div class=\"iconbox-icon-wrap\"><div class=\"iconbox-icon-container d-inline-flex pos-rel z-index-1 border-radius-circle\"><i aria-hidden=\"true\" class=\"fas fa-hand-holding-medical\"><\/i><\/div><\/div>\n\t\t\t\t\n\t\t\t\t<div class=\"contents\">\n\t\t\t\t\n\t\t\t\t<h3 class=\"lqd-iconbox-heading\" >Physical Health <\/h3>\t\t\t\t<p>contamos con profesionales que se encargan de realizar una atenci\u00f3n m\u00e9dica amigable para la diversidad y acompa\u00f1an la derivaci\u00f3n a las \u00e1reas que corresponda. <\/p>\n\t\t\t\t\n\t\t\t\t<\/div>\n\t\t\t\t\n\t\t\t<\/div>\n\n\t\t\t\t\t\t<\/div>\n\t\t\t\t<\/div>\n\t\t\t\t\t<\/div>\n\t\t<\/div>\n\t\t\t\t<div class=\"elementor-column elementor-col-33 elementor-top-column elementor-element elementor-element-37f6413\" data-id=\"37f6413\" data-element_type=\"column\">\n\t\t\t<div class=\"elementor-widget-wrap elementor-element-populated\">\n\t\t\t\t\t\t<div class=\"elementor-element elementor-element-7c725dd4 elementor-align-center elementor-widget elementor-widget-ld_icon_box\" data-id=\"7c725dd4\" data-element_type=\"widget\" data-widget_type=\"ld_icon_box.default\">\n\t\t\t\t<div class=\"elementor-widget-container\">\n\t\t\t\t\t\n\t\t\t<div id=\"ld_icon_box_7c725dd4\" class=\"iconbox d-flex flex-grow-1 pos-rel flex-column iconbox-default iconbox-icon-shaped iconbox-circle\"   >\n\n\t\t\t\t\n\t\t\t\t<div class=\"iconbox-icon-wrap\"><div class=\"iconbox-icon-container d-inline-flex pos-rel z-index-1 border-radius-circle\"><i aria-hidden=\"true\" class=\"far fa-heart\"><\/i><\/div><\/div>\n\t\t\t\t\n\t\t\t\t<div class=\"contents\">\n\t\t\t\t\n\t\t\t\t<h3 class=\"lqd-iconbox-heading\" >Mental Health <\/h3>\t\t\t\t<p>nuestro equipo est\u00e1 integrado por psicologues con perspectiva de g\u00e9nero con el fin de garantizar el acceso a la salud mental de quienes se acerquen a la Mocha Celis. Es un espacio de primera escucha y acompa\u00f1amiento.<\/p>\n\t\t\t\t\n\t\t\t\t<\/div>\n\t\t\t\t\n\t\t\t<\/div>\n\n\t\t\t\t\t\t<\/div>\n\t\t\t\t<\/div>\n\t\t\t\t\t<\/div>\n\t\t<\/div>\n\t\t\t\t<div class=\"elementor-column elementor-col-33 elementor-top-column elementor-element elementor-element-3205a0f7\" data-id=\"3205a0f7\" data-element_type=\"column\">\n\t\t\t<div class=\"elementor-widget-wrap elementor-element-populated\">\n\t\t\t\t\t\t<div class=\"elementor-element elementor-element-e570a2d elementor-align-center elementor-widget elementor-widget-ld_icon_box\" data-id=\"e570a2d\" data-element_type=\"widget\" data-widget_type=\"ld_icon_box.default\">\n\t\t\t\t<div class=\"elementor-widget-container\">\n\t\t\t\t\t\n\t\t\t<div id=\"ld_icon_box_e570a2d\" class=\"iconbox d-flex flex-grow-1 pos-rel flex-column iconbox-default iconbox-icon-shaped iconbox-circle\"   >\n\n\t\t\t\t\n\t\t\t\t<div class=\"iconbox-icon-wrap\"><div class=\"iconbox-icon-container d-inline-flex pos-rel z-index-1 border-radius-circle\"><i aria-hidden=\"true\" class=\"fas fa-home\"><\/i><\/div><\/div>\n\t\t\t\t\n\t\t\t\t<div class=\"contents\">\n\t\t\t\t\n\t\t\t\t<h3 class=\"lqd-iconbox-heading\" >Access to Housing <\/h3>\t\t\t\t<p>We provide accompaniment for accessing housing subsidies and avoiding evictions in the city of Buenos Aires.<\/p>\n\t\t\t\t\n\t\t\t\t<\/div>\n\t\t\t\t\n\t\t\t<\/div>\n\n\t\t\t\t\t\t<\/div>\n\t\t\t\t<\/div>\n\t\t\t\t\t<\/div>\n\t\t<\/div>\n\t\t\t\t\t<\/div>\n\t\t<\/section>\n\t\t\t\t<section class=\"elementor-section elementor-top-section elementor-element elementor-element-e166f99 elementor-section-content-middle elementor-section-boxed elementor-section-height-default elementor-section-height-default\" data-id=\"e166f99\" data-element_type=\"section\" data-settings=\"{&quot;background_background&quot;:&quot;classic&quot;}\">\n\t\t\t\t\t\t<div class=\"elementor-container elementor-column-gap-extended\">\n\t\t\t\t\t<div class=\"elementor-column elementor-col-25 elementor-top-column elementor-element elementor-element-3b0b1ca elementor-hidden-mobile elementor-hidden-tablet\" data-id=\"3b0b1ca\" data-element_type=\"column\">\n\t\t\t<div class=\"elementor-widget-wrap\">\n\t\t\t\t\t\t\t<\/div>\n\t\t<\/div>\n\t\t\t\t<div class=\"elementor-column elementor-col-25 elementor-top-column elementor-element elementor-element-276b1d8\" data-id=\"276b1d8\" data-element_type=\"column\">\n\t\t\t<div class=\"elementor-widget-wrap elementor-element-populated\">\n\t\t\t\t\t\t<div class=\"elementor-element elementor-element-0dfa036 elementor-align-center elementor-widget elementor-widget-ld_icon_box\" data-id=\"0dfa036\" data-element_type=\"widget\" data-widget_type=\"ld_icon_box.default\">\n\t\t\t\t<div class=\"elementor-widget-container\">\n\t\t\t\t\t\n\t\t\t<div id=\"ld_icon_box_0dfa036\" class=\"iconbox d-flex flex-grow-1 pos-rel flex-column iconbox-default iconbox-icon-shaped iconbox-circle\"   >\n\n\t\t\t\t\n\t\t\t\t<div class=\"iconbox-icon-wrap\"><div class=\"iconbox-icon-container d-inline-flex pos-rel z-index-1 border-radius-circle\"><i aria-hidden=\"true\" class=\"fas fa-tasks\"><\/i><\/div><\/div>\n\t\t\t\t\n\t\t\t\t<div class=\"contents\">\n\t\t\t\t\n\t\t\t\t<h3 class=\"lqd-iconbox-heading\" >Assistance for Government Paperwork <\/h3>\t\t\t\t<p>trabajamos articuladamente con distintos consulados para tramitar documentaci\u00f3n de personas migrantes y que puedan regularizar las diversas situaciones migratorias.<\/p>\n\t\t\t\t\n\t\t\t\t<\/div>\n\t\t\t\t\n\t\t\t<\/div>\n\n\t\t\t\t\t\t<\/div>\n\t\t\t\t<\/div>\n\t\t\t\t\t<\/div>\n\t\t<\/div>\n\t\t\t\t<div class=\"elementor-column elementor-col-25 elementor-top-column elementor-element elementor-element-16ecf10\" data-id=\"16ecf10\" data-element_type=\"column\">\n\t\t\t<div class=\"elementor-widget-wrap elementor-element-populated\">\n\t\t\t\t\t\t<div class=\"elementor-element elementor-element-0122394 elementor-align-center elementor-widget elementor-widget-ld_icon_box\" data-id=\"0122394\" data-element_type=\"widget\" data-widget_type=\"ld_icon_box.default\">\n\t\t\t\t<div class=\"elementor-widget-container\">\n\t\t\t\t\t\n\t\t\t<div id=\"ld_icon_box_0122394\" class=\"iconbox d-flex flex-grow-1 pos-rel flex-column iconbox-default iconbox-icon-shaped iconbox-circle\"   >\n\n\t\t\t\t\n\t\t\t\t<div class=\"iconbox-icon-wrap\"><div class=\"iconbox-icon-container d-inline-flex pos-rel z-index-1 border-radius-circle\"><i aria-hidden=\"true\" class=\"fas fa-balance-scale\"><\/i><\/div><\/div>\n\t\t\t\t\n\t\t\t\t<div class=\"contents\">\n\t\t\t\t\n\t\t\t\t<h3 class=\"lqd-iconbox-heading\" >Legal Counsel and Access to Justice <\/h3>\t\t\t\t<p>trabajamos articuladamente con otras organizaciones sociales, instituciones estatales para garantizar el acceso a la justicia.<\/p>\n\t\t\t\t\n\t\t\t\t<\/div>\n\t\t\t\t\n\t\t\t<\/div>\n\n\t\t\t\t\t\t<\/div>\n\t\t\t\t<\/div>\n\t\t\t\t\t<\/div>\n\t\t<\/div>\n\t\t\t\t<div class=\"elementor-column elementor-col-25 elementor-top-column elementor-element elementor-element-3eaabf1 elementor-hidden-mobile elementor-hidden-tablet\" data-id=\"3eaabf1\" data-element_type=\"column\">\n\t\t\t<div class=\"elementor-widget-wrap\">\n\t\t\t\t\t\t\t<\/div>\n\t\t<\/div>\n\t\t\t\t\t<\/div>\n\t\t<\/section>\n\t\t\t\t<\/div>","protected":false},"excerpt":{"rendered":"<p>Acceso a Derechos El Programa Acceso a Derechos est\u00e1 compuesto por equipos interdisciplinarios que, desde una escucha atenta y amorosa acompa\u00f1an, asisten y asesoran a las personas que se acercan al espacio para garantizar el acceso a los distintos derechos que atraviesan a las personas. Trabajamos en conjunto con otras instituciones del Estado y de [&hellip;]<\/p>","protected":false},"author":1,"featured_media":0,"parent":4882,"menu_order":3,"comment_status":"closed","ping_status":"closed","template":"","meta":{"_acf_changed":false,"footnotes":""},"class_list":["post-9126","page","type-page","status-publish","hentry"],"acf":[],"yoast_head":"<!-- This site is optimized with the Yoast SEO plugin v26.5 - https:\/\/yoast.com\/wordpress\/plugins\/seo\/ -->\n<title>Acceso a Derechos - Mocha Celis<\/title>\n<meta name=\"description\" content=\"11 a\u00f1os tejiendo por la igualdad desde la comunidad travesti, trans y no binaria.\" \/>\n<meta name=\"robots\" content=\"index, follow, max-snippet:-1, max-image-preview:large, max-video-preview:-1\" \/>\n<link rel=\"canonical\" href=\"https:\/\/mochacelis.org\/en\/programas\/acceso-derechos\/\" \/>\n<meta property=\"og:locale\" content=\"en_US\" \/>\n<meta property=\"og:type\" content=\"article\" \/>\n<meta property=\"og:title\" content=\"Acceso a Derechos - Mocha Celis\" \/>\n<meta property=\"og:description\" content=\"11 a\u00f1os tejiendo por la igualdad desde la comunidad travesti, trans y no binaria.\" \/>\n<meta property=\"og:url\" content=\"https:\/\/mochacelis.org\/en\/programas\/acceso-derechos\/\" \/>\n<meta property=\"og:site_name\" content=\"Mocha Celis\" \/>\n<meta property=\"article:modified_time\" content=\"2024-05-15T22:24:26+00:00\" \/>\n<meta property=\"og:image\" content=\"https:\/\/mochacelis.org\/wp-content\/uploads\/2021\/11\/mocha-hero-derechos.jpg\" \/>\n<meta name=\"twitter:card\" content=\"summary_large_image\" \/>\n<meta name=\"twitter:label1\" content=\"Est. reading time\" \/>\n\t<meta name=\"twitter:data1\" content=\"1 minute\" \/>\n<script type=\"application\/ld+json\" class=\"yoast-schema-graph\">{\"@context\":\"https:\/\/schema.org\",\"@graph\":[{\"@type\":\"WebPage\",\"@id\":\"https:\/\/mochacelis.org\/programas\/acceso-derechos\/\",\"url\":\"https:\/\/mochacelis.org\/programas\/acceso-derechos\/\",\"name\":\"Acceso a Derechos - Mocha Celis\",\"isPartOf\":{\"@id\":\"https:\/\/mochacelis.org\/#website\"},\"primaryImageOfPage\":{\"@id\":\"https:\/\/mochacelis.org\/programas\/acceso-derechos\/#primaryimage\"},\"image\":{\"@id\":\"https:\/\/mochacelis.org\/programas\/acceso-derechos\/#primaryimage\"},\"thumbnailUrl\":\"https:\/\/mochacelis.org\/wp-content\/uploads\/2021\/11\/mocha-hero-derechos.jpg\",\"datePublished\":\"2021-10-31T20:40:32+00:00\",\"dateModified\":\"2024-05-15T22:24:26+00:00\",\"description\":\"11 a\u00f1os tejiendo por la igualdad desde la comunidad travesti, trans y no binaria.\",\"breadcrumb\":{\"@id\":\"https:\/\/mochacelis.org\/programas\/acceso-derechos\/#breadcrumb\"},\"inLanguage\":\"en-US\",\"potentialAction\":[{\"@type\":\"ReadAction\",\"target\":[\"https:\/\/mochacelis.org\/programas\/acceso-derechos\/\"]}]},{\"@type\":\"ImageObject\",\"inLanguage\":\"en-US\",\"@id\":\"https:\/\/mochacelis.org\/programas\/acceso-derechos\/#primaryimage\",\"url\":\"https:\/\/mochacelis.org\/wp-content\/uploads\/2021\/11\/mocha-hero-derechos.jpg\",\"contentUrl\":\"https:\/\/mochacelis.org\/wp-content\/uploads\/2021\/11\/mocha-hero-derechos.jpg\"},{\"@type\":\"BreadcrumbList\",\"@id\":\"https:\/\/mochacelis.org\/programas\/acceso-derechos\/#breadcrumb\",\"itemListElement\":[{\"@type\":\"ListItem\",\"position\":1,\"name\":\"Inicio\",\"item\":\"https:\/\/mochacelis.org\/\"},{\"@type\":\"ListItem\",\"position\":2,\"name\":\"Programas\",\"item\":\"https:\/\/mochacelis.org\/programas\/\"},{\"@type\":\"ListItem\",\"position\":3,\"name\":\"Acceso a Derechos\"}]},{\"@type\":\"WebSite\",\"@id\":\"https:\/\/mochacelis.org\/#website\",\"url\":\"https:\/\/mochacelis.org\/\",\"name\":\"Mocha Celis\",\"description\":\"11 a\u00f1os tejiendo por la igualdad desde la comunidad travesti, trans y no binaria.\",\"publisher\":{\"@id\":\"https:\/\/mochacelis.org\/#organization\"},\"potentialAction\":[{\"@type\":\"SearchAction\",\"target\":{\"@type\":\"EntryPoint\",\"urlTemplate\":\"https:\/\/mochacelis.org\/?s={search_term_string}\"},\"query-input\":{\"@type\":\"PropertyValueSpecification\",\"valueRequired\":true,\"valueName\":\"search_term_string\"}}],\"inLanguage\":\"en-US\"},{\"@type\":\"Organization\",\"@id\":\"https:\/\/mochacelis.org\/#organization\",\"name\":\"Mocha Celis\",\"url\":\"https:\/\/mochacelis.org\/\",\"logo\":{\"@type\":\"ImageObject\",\"inLanguage\":\"en-US\",\"@id\":\"https:\/\/mochacelis.org\/#\/schema\/logo\/image\/\",\"url\":\"https:\/\/mochacelis.org\/wp-content\/uploads\/2021\/11\/favicon-mocha.png\",\"contentUrl\":\"https:\/\/mochacelis.org\/wp-content\/uploads\/2021\/11\/favicon-mocha.png\",\"width\":64,\"height\":64,\"caption\":\"Mocha Celis\"},\"image\":{\"@id\":\"https:\/\/mochacelis.org\/#\/schema\/logo\/image\/\"}}]}<\/script>\n<!-- \/ Yoast SEO plugin. -->","yoast_head_json":{"title":"Acceso a Derechos - Mocha Celis","description":"11 a\u00f1os tejiendo por la igualdad desde la comunidad travesti, trans y no binaria.","robots":{"index":"index","follow":"follow","max-snippet":"max-snippet:-1","max-image-preview":"max-image-preview:large","max-video-preview":"max-video-preview:-1"},"canonical":"https:\/\/mochacelis.org\/en\/programas\/acceso-derechos\/","og_locale":"en_US","og_type":"article","og_title":"Acceso a Derechos - Mocha Celis","og_description":"11 a\u00f1os tejiendo por la igualdad desde la comunidad travesti, trans y no binaria.","og_url":"https:\/\/mochacelis.org\/en\/programas\/acceso-derechos\/","og_site_name":"Mocha Celis","article_modified_time":"2024-05-15T22:24:26+00:00","og_image":[{"url":"https:\/\/mochacelis.org\/wp-content\/uploads\/2021\/11\/mocha-hero-derechos.jpg","type":"","width":"","height":""}],"twitter_card":"summary_large_image","twitter_misc":{"Est. reading time":"1 minute"},"schema":{"@context":"https:\/\/schema.org","@graph":[{"@type":"WebPage","@id":"https:\/\/mochacelis.org\/programas\/acceso-derechos\/","url":"https:\/\/mochacelis.org\/programas\/acceso-derechos\/","name":"Acceso a Derechos - Mocha Celis","isPartOf":{"@id":"https:\/\/mochacelis.org\/#website"},"primaryImageOfPage":{"@id":"https:\/\/mochacelis.org\/programas\/acceso-derechos\/#primaryimage"},"image":{"@id":"https:\/\/mochacelis.org\/programas\/acceso-derechos\/#primaryimage"},"thumbnailUrl":"https:\/\/mochacelis.org\/wp-content\/uploads\/2021\/11\/mocha-hero-derechos.jpg","datePublished":"2021-10-31T20:40:32+00:00","dateModified":"2024-05-15T22:24:26+00:00","description":"11 a\u00f1os tejiendo por la igualdad desde la comunidad travesti, trans y no binaria.","breadcrumb":{"@id":"https:\/\/mochacelis.org\/programas\/acceso-derechos\/#breadcrumb"},"inLanguage":"en-US","potentialAction":[{"@type":"ReadAction","target":["https:\/\/mochacelis.org\/programas\/acceso-derechos\/"]}]},{"@type":"ImageObject","inLanguage":"en-US","@id":"https:\/\/mochacelis.org\/programas\/acceso-derechos\/#primaryimage","url":"https:\/\/mochacelis.org\/wp-content\/uploads\/2021\/11\/mocha-hero-derechos.jpg","contentUrl":"https:\/\/mochacelis.org\/wp-content\/uploads\/2021\/11\/mocha-hero-derechos.jpg"},{"@type":"BreadcrumbList","@id":"https:\/\/mochacelis.org\/programas\/acceso-derechos\/#breadcrumb","itemListElement":[{"@type":"ListItem","position":1,"name":"Inicio","item":"https:\/\/mochacelis.org\/"},{"@type":"ListItem","position":2,"name":"Programas","item":"https:\/\/mochacelis.org\/programas\/"},{"@type":"ListItem","position":3,"name":"Acceso a Derechos"}]},{"@type":"WebSite","@id":"https:\/\/mochacelis.org\/#website","url":"https:\/\/mochacelis.org\/","name":"Mocha Celis","description":"11 a\u00f1os tejiendo por la igualdad desde la comunidad travesti, trans y no binaria.","publisher":{"@id":"https:\/\/mochacelis.org\/#organization"},"potentialAction":[{"@type":"SearchAction","target":{"@type":"EntryPoint","urlTemplate":"https:\/\/mochacelis.org\/?s={search_term_string}"},"query-input":{"@type":"PropertyValueSpecification","valueRequired":true,"valueName":"search_term_string"}}],"inLanguage":"en-US"},{"@type":"Organization","@id":"https:\/\/mochacelis.org\/#organization","name":"Mocha Celis","url":"https:\/\/mochacelis.org\/","logo":{"@type":"ImageObject","inLanguage":"en-US","@id":"https:\/\/mochacelis.org\/#\/schema\/logo\/image\/","url":"https:\/\/mochacelis.org\/wp-content\/uploads\/2021\/11\/favicon-mocha.png","contentUrl":"https:\/\/mochacelis.org\/wp-content\/uploads\/2021\/11\/favicon-mocha.png","width":64,"height":64,"caption":"Mocha Celis"},"image":{"@id":"https:\/\/mochacelis.org\/#\/schema\/logo\/image\/"}}]}},"_links":{"self":[{"href":"https:\/\/mochacelis.org\/en\/wp-json\/wp\/v2\/pages\/9126","targetHints":{"allow":["GET"]}}],"collection":[{"href":"https:\/\/mochacelis.org\/en\/wp-json\/wp\/v2\/pages"}],"about":[{"href":"https:\/\/mochacelis.org\/en\/wp-json\/wp\/v2\/types\/page"}],"author":[{"embeddable":true,"href":"https:\/\/mochacelis.org\/en\/wp-json\/wp\/v2\/users\/1"}],"replies":[{"embeddable":true,"href":"https:\/\/mochacelis.org\/en\/wp-json\/wp\/v2\/comments?post=9126"}],"version-history":[{"count":185,"href":"https:\/\/mochacelis.org\/en\/wp-json\/wp\/v2\/pages\/9126\/revisions"}],"predecessor-version":[{"id":13408,"href":"https:\/\/mochacelis.org\/en\/wp-json\/wp\/v2\/pages\/9126\/revisions\/13408"}],"up":[{"embeddable":true,"href":"https:\/\/mochacelis.org\/en\/wp-json\/wp\/v2\/pages\/4882"}],"wp:attachment":[{"href":"https:\/\/mochacelis.org\/en\/wp-json\/wp\/v2\/media?parent=9126"}],"curies":[{"name":"wp","href":"https:\/\/api.w.org\/{rel}","templated":true}]}}