{"id":13885,"date":"2024-10-18T14:12:59","date_gmt":"2024-10-18T14:12:59","guid":{"rendered":"https:\/\/mochacelis.org\/?post_type=course&#038;p=13885"},"modified":"2025-01-14T21:12:49","modified_gmt":"2025-01-14T21:12:49","slug":"curso-diversidad","status":"publish","type":"course","link":"https:\/\/mochacelis.org\/en\/course\/curso-diversidad\/","title":{"rendered":"Curso de g\u00e9nero, diversidad e inclusi\u00f3n para equipos de trabajo."},"content":{"rendered":"<div class=\"wp-block-columns is-layout-flex wp-container-core-columns-is-layout-9d6595d7 wp-block-columns-is-layout-flex\">\n<div class=\"wp-block-column is-layout-flow wp-block-column-is-layout-flow\" style=\"flex-basis:100%\">\n<h2 class=\"wp-block-heading sensei-content-description has-text-color has-link-color wp-elements-dcda539f888118b478720862e3eb2a09\" style=\"color:#5fbae3;font-size:3.5rem\"><strong>Intro<\/strong><\/h2>\n\n\n\n<p>En esta ocasi\u00f3n la Mocha Celis presenta el siguiente curso asincr\u00f3nico. Donde abordaremos tem\u00e1ticas como <strong>g\u00e9nero, diversidad e inclusi\u00f3n<\/strong> orientado para personas que est\u00e9n en puestos de toma de decisi\u00f3n. Es fundamental que las personas que en diversos roles y jerarqu\u00edas conozcan la situaci\u00f3n de vida de la poblaci\u00f3n travesti, trans y no binaria en Argentina y en la regi\u00f3n.\u00a0<\/p>\n\n\n\n<p><strong>Nuestro objetivo es poder realizar una aproximaci\u00f3n a la formaci\u00f3n en g\u00e9neros y diversidades<\/strong> desde una perspectiva en derechos humanos y con un abordaje construido en base a nuestro trabajo territorial. Consideramos que es fundamental que quienes toman decisiones (de diversa escala) atraviesen el siguiente contenido.<\/p>\n\n\n\n<h2 class=\"wp-block-heading sensei-content-description has-text-color has-link-color wp-elements-9a862e1fee85dd4144f8ab1aa12622ee\" style=\"color:#5fbae3;font-size:3.5rem\"><strong>Contenido<\/strong><\/h2>\n\n\n\n<p><strong>El curso consta de cuatro apartados. Tiene una duraci\u00f3n total de 40 minutos y al finalizar tiene una evaluaci\u00f3n y su certificaci\u00f3n, en caso de ser aprobado el curso.\u00a0<\/strong><\/p>\n\n\n\n<p class=\"has-text-align-center\">En los apartados vamos a trabajar sobre:&nbsp;<\/p>\n<\/div>\n<\/div>\n\n\n\n<figure class=\"wp-block-gallery has-nested-images columns-default is-cropped image-container wp-block-gallery-1 is-layout-flex wp-block-gallery-is-layout-flex\">\n<figure class=\"wp-block-image size-full\"><img decoding=\"async\" width=\"354\" height=\"109\" data-id=\"14316\" src=\"https:\/\/mochacelis.org\/wp-content\/uploads\/2024\/10\/Background.png\" alt=\"\" class=\"wp-image-14316\" srcset=\"https:\/\/mochacelis.org\/wp-content\/uploads\/2024\/10\/Background.png 354w, https:\/\/mochacelis.org\/wp-content\/uploads\/2024\/10\/Background-300x92.png 300w, https:\/\/mochacelis.org\/wp-content\/uploads\/2024\/10\/Background-18x6.png 18w\" sizes=\"(max-width: 354px) 100vw, 354px\" \/><\/figure>\n\n\n\n<figure class=\"wp-block-image size-large\"><img decoding=\"async\" width=\"354\" height=\"109\" data-id=\"14314\" src=\"https:\/\/mochacelis.org\/wp-content\/uploads\/2024\/10\/Background-2.png\" alt=\"\" class=\"wp-image-14314\" srcset=\"https:\/\/mochacelis.org\/wp-content\/uploads\/2024\/10\/Background-2.png 354w, https:\/\/mochacelis.org\/wp-content\/uploads\/2024\/10\/Background-2-300x92.png 300w, https:\/\/mochacelis.org\/wp-content\/uploads\/2024\/10\/Background-2-18x6.png 18w\" sizes=\"(max-width: 354px) 100vw, 354px\" \/><\/figure>\n\n\n\n<figure class=\"wp-block-image size-full\"><img decoding=\"async\" width=\"354\" height=\"109\" data-id=\"14315\" src=\"https:\/\/mochacelis.org\/wp-content\/uploads\/2024\/10\/Background-4.png\" alt=\"\" class=\"wp-image-14315\" srcset=\"https:\/\/mochacelis.org\/wp-content\/uploads\/2024\/10\/Background-4.png 354w, https:\/\/mochacelis.org\/wp-content\/uploads\/2024\/10\/Background-4-300x92.png 300w, https:\/\/mochacelis.org\/wp-content\/uploads\/2024\/10\/Background-4-18x6.png 18w\" sizes=\"(max-width: 354px) 100vw, 354px\" \/><\/figure>\n<\/figure>\n\n\n\n<figure class=\"wp-block-gallery has-nested-images columns-default is-cropped image-container-second wp-block-gallery-2 is-layout-flex wp-block-gallery-is-layout-flex\">\n<figure class=\"wp-block-image size-full\"><img loading=\"lazy\" decoding=\"async\" width=\"354\" height=\"109\" data-id=\"14312\" src=\"https:\/\/mochacelis.org\/wp-content\/uploads\/2024\/10\/Background-1.png\" alt=\"\" class=\"wp-image-14312\" srcset=\"https:\/\/mochacelis.org\/wp-content\/uploads\/2024\/10\/Background-1.png 354w, https:\/\/mochacelis.org\/wp-content\/uploads\/2024\/10\/Background-1-300x92.png 300w, https:\/\/mochacelis.org\/wp-content\/uploads\/2024\/10\/Background-1-18x6.png 18w\" sizes=\"(max-width: 354px) 100vw, 354px\" \/><\/figure>\n\n\n\n<figure class=\"wp-block-image size-full\"><img loading=\"lazy\" decoding=\"async\" width=\"354\" height=\"109\" data-id=\"14313\" src=\"https:\/\/mochacelis.org\/wp-content\/uploads\/2024\/10\/Background-3.png\" alt=\"\" class=\"wp-image-14313\" srcset=\"https:\/\/mochacelis.org\/wp-content\/uploads\/2024\/10\/Background-3.png 354w, https:\/\/mochacelis.org\/wp-content\/uploads\/2024\/10\/Background-3-300x92.png 300w, https:\/\/mochacelis.org\/wp-content\/uploads\/2024\/10\/Background-3-18x6.png 18w\" sizes=\"(max-width: 354px) 100vw, 354px\" \/><\/figure>\n<\/figure>\n\n\n\n<div class=\"wp-block-columns is-layout-flex wp-container-core-columns-is-layout-9d6595d7 wp-block-columns-is-layout-flex\">\n<div class=\"wp-block-column is-layout-flow wp-block-column-is-layout-flow\" style=\"flex-basis:100%\">\n<p class=\"paragraph-padding\" style=\"font-size:1rem\">La evaluaci\u00f3n consta de un cuestionario de 10 preguntas con un puntaje de 1 asignado a cada pregunta correcta y se aprueba con 6 para el otorgamiento del mismo. En caso de no haber aprobado, se puede realizar hasta 3 veces.&nbsp;<\/p>\n<\/div>\n<\/div>\n\n\n\n<h2 class=\"wp-block-heading sensei-content-description paragraph-padding has-text-color has-link-color wp-elements-2f19ca6f72b26f1aa6c16a7617d4e737\" style=\"color:#5fbae3;font-size:2rem\">Es el momento de dar el primer paso hacia un entorno m\u00e1s inclusivo y equitativo.<\/h2>\n\n\n\n<h2 class=\"wp-block-heading sensei-content-description paragraph-padding has-text-color has-link-color wp-elements-6b2cc9cf64bb46be93100d1911da420a\" style=\"color:#5fbae3;font-size:2rem\">\u00a1Comenza este curso y ayudanos a crear un mejor espacio de trabajo para todes!<\/h2>\n\n\n\n<style>\n\n.post-13885{    background-color: #DDDDDD;\n}\n\n.sensei-block-wrapper{\npadding-top:2rem !important;\n}\n\n.lqd-post-cover{\n    display: flex !important;\n    flex-direction: row-reverse;\n    background-color: #283375 !important;\n    height:40rem;\n\n}\n\n.image-container {\n  display: flex !important;\n  flex-wrap: nowrap !important;\n  justify-content: center !important;\n  gap: 1rem !important; \/* Espaciado entre im\u00e1genes *\/\n  margin: 0 auto !important; \/* Centra el contenedor *\/\n}\n\n.image-container figure {\n  width: calc((100% \/ 3) - 1rem); \/* Ancho de las 3 primeras im\u00e1genes *\/\n}\n\n\n.image-container-second {\n  display: flex !important;\n  flex-wrap: nowrap !important;\n  justify-content: center !important;\n  gap: 1rem !important; \/* Espaciado entre im\u00e1genes *\/\n  margin: 0 auto !important; \/* Centra el contenedor *\/\n  padding: 1rem 12rem 4rem 12rem;\n}\n\n<\/style>\n\n\n\n\n\n<div class=\"sensei-block-wrapper sensei-cta wp-block-sensei-lms-button-take-course\">\n\t\t\t<form method=\"GET\" action=\"\" data-trp-original-action=\"\">\n\t\t\t<input type=\"hidden\" name=\"redirect_to\" value=\"https:\/\/mochacelis.org\/en\/course\/curso-diversidad\/?take_course_sign_in=1\" \/>\n\t\t\t\n<div class=\"wp-block-sensei-lms-button-take-course is-style-default wp-block-sensei-button wp-block-button has-text-align-left\"><button class=\"wp-block-button__link\">Comenzar Curso<\/button><\/div>\n\n\t\t\t<input type=\"hidden\" name=\"trp-form-language\" value=\"en\"\/><\/form>\n\t\t\t<\/div>\n\n\n\n\n\n\n\n<p><\/p>","protected":false},"excerpt":{"rendered":"<p>El objetivo de estas capacitaciones es proporcionar una aproximaci\u00f3n a la formaci\u00f3n en g\u00e9neros y diversidades, incorporando una perspectiva de derechos humanos basada en nuestro trabajo territorial. Consideramos fundamental que las personas responsables de tomar decisiones, en cualquier nivel, se familiaricen con los contenidos presentados, fortaleciendo as\u00ed su capacidad para liderar entornos inclusivos y equitativos.<\/p>","protected":false},"author":1,"featured_media":14691,"template":"","meta":{"_acf_changed":false,"_course_prerequisite":0,"_course_featured":"","_sensei_self_enrollment_not_allowed":false,"disable_notification":false,"_open_access":false,"sensei_course_publish_lessons":true,"_course_theme":"wordpress-theme","sensei_course_video_autocomplete":false,"sensei_course_video_autopause":false,"sensei_course_video_required":false,"footnotes":""},"course-category":[44],"class_list":["post-13885","course","type-course","status-publish","has-post-thumbnail","hentry","course-category-diversidad","post"],"acf":[],"yoast_head":"<!-- This site is optimized with the Yoast SEO plugin v26.5 - https:\/\/yoast.com\/wordpress\/plugins\/seo\/ -->\n<title>Curso de g\u00e9nero, diversidad e inclusi\u00f3n para equipos de trabajo. - Mocha Celis<\/title>\n<meta name=\"robots\" content=\"index, follow, max-snippet:-1, max-image-preview:large, max-video-preview:-1\" \/>\n<link rel=\"canonical\" href=\"https:\/\/mochacelis.org\/en\/course\/curso-diversidad\/\" \/>\n<meta property=\"og:locale\" content=\"en_US\" \/>\n<meta property=\"og:type\" content=\"article\" \/>\n<meta property=\"og:title\" content=\"Curso de g\u00e9nero, diversidad e inclusi\u00f3n para equipos de trabajo. - Mocha Celis\" \/>\n<meta property=\"og:description\" content=\"El objetivo de estas capacitaciones es proporcionar una aproximaci\u00f3n a la formaci\u00f3n en g\u00e9neros y diversidades, incorporando una perspectiva de derechos humanos basada en nuestro trabajo territorial. Consideramos fundamental que las personas responsables de tomar decisiones, en cualquier nivel, se familiaricen con los contenidos presentados, fortaleciendo as\u00ed su capacidad para liderar entornos inclusivos y equitativos.\" \/>\n<meta property=\"og:url\" content=\"https:\/\/mochacelis.org\/en\/course\/curso-diversidad\/\" \/>\n<meta property=\"og:site_name\" content=\"Mocha Celis\" \/>\n<meta property=\"article:modified_time\" content=\"2025-01-14T21:12:49+00:00\" \/>\n<meta property=\"og:image\" content=\"https:\/\/mochacelis.org\/wp-content\/uploads\/2024\/10\/Capa_1.png\" \/>\n\t<meta property=\"og:image:width\" content=\"758\" \/>\n\t<meta property=\"og:image:height\" content=\"671\" \/>\n\t<meta property=\"og:image:type\" content=\"image\/png\" \/>\n<meta name=\"twitter:card\" content=\"summary_large_image\" \/>\n<meta name=\"twitter:label1\" content=\"Est. reading time\" \/>\n\t<meta name=\"twitter:data1\" content=\"1 minute\" \/>\n<script type=\"application\/ld+json\" class=\"yoast-schema-graph\">{\"@context\":\"https:\/\/schema.org\",\"@graph\":[{\"@type\":\"WebPage\",\"@id\":\"https:\/\/mochacelis.org\/course\/curso-diversidad\/\",\"url\":\"https:\/\/mochacelis.org\/course\/curso-diversidad\/\",\"name\":\"Curso de g\u00e9nero, diversidad e inclusi\u00f3n para equipos de trabajo. - Mocha Celis\",\"isPartOf\":{\"@id\":\"https:\/\/mochacelis.org\/#website\"},\"primaryImageOfPage\":{\"@id\":\"https:\/\/mochacelis.org\/course\/curso-diversidad\/#primaryimage\"},\"image\":{\"@id\":\"https:\/\/mochacelis.org\/course\/curso-diversidad\/#primaryimage\"},\"thumbnailUrl\":\"https:\/\/mochacelis.org\/wp-content\/uploads\/2024\/10\/Capa_1.png\",\"datePublished\":\"2024-10-18T14:12:59+00:00\",\"dateModified\":\"2025-01-14T21:12:49+00:00\",\"breadcrumb\":{\"@id\":\"https:\/\/mochacelis.org\/course\/curso-diversidad\/#breadcrumb\"},\"inLanguage\":\"en-US\",\"potentialAction\":[{\"@type\":\"ReadAction\",\"target\":[\"https:\/\/mochacelis.org\/course\/curso-diversidad\/\"]}]},{\"@type\":\"ImageObject\",\"inLanguage\":\"en-US\",\"@id\":\"https:\/\/mochacelis.org\/course\/curso-diversidad\/#primaryimage\",\"url\":\"https:\/\/mochacelis.org\/wp-content\/uploads\/2024\/10\/Capa_1.png\",\"contentUrl\":\"https:\/\/mochacelis.org\/wp-content\/uploads\/2024\/10\/Capa_1.png\",\"width\":758,\"height\":671},{\"@type\":\"BreadcrumbList\",\"@id\":\"https:\/\/mochacelis.org\/course\/curso-diversidad\/#breadcrumb\",\"itemListElement\":[{\"@type\":\"ListItem\",\"position\":1,\"name\":\"Inicio\",\"item\":\"https:\/\/mochacelis.org\/\"},{\"@type\":\"ListItem\",\"position\":2,\"name\":\"Cursos\",\"item\":\"https:\/\/mochacelis.org\/campus\/\"},{\"@type\":\"ListItem\",\"position\":3,\"name\":\"Curso de g\u00e9nero, diversidad e inclusi\u00f3n para equipos de trabajo.\"}]},{\"@type\":\"WebSite\",\"@id\":\"https:\/\/mochacelis.org\/#website\",\"url\":\"https:\/\/mochacelis.org\/\",\"name\":\"Mocha Celis\",\"description\":\"11 a\u00f1os tejiendo por la igualdad desde la comunidad travesti, trans y no binaria.\",\"publisher\":{\"@id\":\"https:\/\/mochacelis.org\/#organization\"},\"potentialAction\":[{\"@type\":\"SearchAction\",\"target\":{\"@type\":\"EntryPoint\",\"urlTemplate\":\"https:\/\/mochacelis.org\/?s={search_term_string}\"},\"query-input\":{\"@type\":\"PropertyValueSpecification\",\"valueRequired\":true,\"valueName\":\"search_term_string\"}}],\"inLanguage\":\"en-US\"},{\"@type\":\"Organization\",\"@id\":\"https:\/\/mochacelis.org\/#organization\",\"name\":\"Mocha Celis\",\"url\":\"https:\/\/mochacelis.org\/\",\"logo\":{\"@type\":\"ImageObject\",\"inLanguage\":\"en-US\",\"@id\":\"https:\/\/mochacelis.org\/#\/schema\/logo\/image\/\",\"url\":\"https:\/\/mochacelis.org\/wp-content\/uploads\/2021\/11\/favicon-mocha.png\",\"contentUrl\":\"https:\/\/mochacelis.org\/wp-content\/uploads\/2021\/11\/favicon-mocha.png\",\"width\":64,\"height\":64,\"caption\":\"Mocha Celis\"},\"image\":{\"@id\":\"https:\/\/mochacelis.org\/#\/schema\/logo\/image\/\"}}]}<\/script>\n<!-- \/ Yoast SEO plugin. -->","yoast_head_json":{"title":"Curso de g\u00e9nero, diversidad e inclusi\u00f3n para equipos de trabajo. - Mocha Celis","robots":{"index":"index","follow":"follow","max-snippet":"max-snippet:-1","max-image-preview":"max-image-preview:large","max-video-preview":"max-video-preview:-1"},"canonical":"https:\/\/mochacelis.org\/en\/course\/curso-diversidad\/","og_locale":"en_US","og_type":"article","og_title":"Curso de g\u00e9nero, diversidad e inclusi\u00f3n para equipos de trabajo. - Mocha Celis","og_description":"El objetivo de estas capacitaciones es proporcionar una aproximaci\u00f3n a la formaci\u00f3n en g\u00e9neros y diversidades, incorporando una perspectiva de derechos humanos basada en nuestro trabajo territorial. Consideramos fundamental que las personas responsables de tomar decisiones, en cualquier nivel, se familiaricen con los contenidos presentados, fortaleciendo as\u00ed su capacidad para liderar entornos inclusivos y equitativos.","og_url":"https:\/\/mochacelis.org\/en\/course\/curso-diversidad\/","og_site_name":"Mocha Celis","article_modified_time":"2025-01-14T21:12:49+00:00","og_image":[{"width":758,"height":671,"url":"https:\/\/mochacelis.org\/wp-content\/uploads\/2024\/10\/Capa_1.png","type":"image\/png"}],"twitter_card":"summary_large_image","twitter_misc":{"Est. reading time":"1 minute"},"schema":{"@context":"https:\/\/schema.org","@graph":[{"@type":"WebPage","@id":"https:\/\/mochacelis.org\/course\/curso-diversidad\/","url":"https:\/\/mochacelis.org\/course\/curso-diversidad\/","name":"Curso de g\u00e9nero, diversidad e inclusi\u00f3n para equipos de trabajo. - Mocha Celis","isPartOf":{"@id":"https:\/\/mochacelis.org\/#website"},"primaryImageOfPage":{"@id":"https:\/\/mochacelis.org\/course\/curso-diversidad\/#primaryimage"},"image":{"@id":"https:\/\/mochacelis.org\/course\/curso-diversidad\/#primaryimage"},"thumbnailUrl":"https:\/\/mochacelis.org\/wp-content\/uploads\/2024\/10\/Capa_1.png","datePublished":"2024-10-18T14:12:59+00:00","dateModified":"2025-01-14T21:12:49+00:00","breadcrumb":{"@id":"https:\/\/mochacelis.org\/course\/curso-diversidad\/#breadcrumb"},"inLanguage":"en-US","potentialAction":[{"@type":"ReadAction","target":["https:\/\/mochacelis.org\/course\/curso-diversidad\/"]}]},{"@type":"ImageObject","inLanguage":"en-US","@id":"https:\/\/mochacelis.org\/course\/curso-diversidad\/#primaryimage","url":"https:\/\/mochacelis.org\/wp-content\/uploads\/2024\/10\/Capa_1.png","contentUrl":"https:\/\/mochacelis.org\/wp-content\/uploads\/2024\/10\/Capa_1.png","width":758,"height":671},{"@type":"BreadcrumbList","@id":"https:\/\/mochacelis.org\/course\/curso-diversidad\/#breadcrumb","itemListElement":[{"@type":"ListItem","position":1,"name":"Inicio","item":"https:\/\/mochacelis.org\/"},{"@type":"ListItem","position":2,"name":"Cursos","item":"https:\/\/mochacelis.org\/campus\/"},{"@type":"ListItem","position":3,"name":"Curso de g\u00e9nero, diversidad e inclusi\u00f3n para equipos de trabajo."}]},{"@type":"WebSite","@id":"https:\/\/mochacelis.org\/#website","url":"https:\/\/mochacelis.org\/","name":"Mocha Celis","description":"11 a\u00f1os tejiendo por la igualdad desde la comunidad travesti, trans y no binaria.","publisher":{"@id":"https:\/\/mochacelis.org\/#organization"},"potentialAction":[{"@type":"SearchAction","target":{"@type":"EntryPoint","urlTemplate":"https:\/\/mochacelis.org\/?s={search_term_string}"},"query-input":{"@type":"PropertyValueSpecification","valueRequired":true,"valueName":"search_term_string"}}],"inLanguage":"en-US"},{"@type":"Organization","@id":"https:\/\/mochacelis.org\/#organization","name":"Mocha Celis","url":"https:\/\/mochacelis.org\/","logo":{"@type":"ImageObject","inLanguage":"en-US","@id":"https:\/\/mochacelis.org\/#\/schema\/logo\/image\/","url":"https:\/\/mochacelis.org\/wp-content\/uploads\/2021\/11\/favicon-mocha.png","contentUrl":"https:\/\/mochacelis.org\/wp-content\/uploads\/2021\/11\/favicon-mocha.png","width":64,"height":64,"caption":"Mocha Celis"},"image":{"@id":"https:\/\/mochacelis.org\/#\/schema\/logo\/image\/"}}]}},"_links":{"self":[{"href":"https:\/\/mochacelis.org\/en\/wp-json\/wp\/v2\/courses\/13885","targetHints":{"allow":["GET"]}}],"collection":[{"href":"https:\/\/mochacelis.org\/en\/wp-json\/wp\/v2\/courses"}],"about":[{"href":"https:\/\/mochacelis.org\/en\/wp-json\/wp\/v2\/types\/course"}],"author":[{"embeddable":true,"href":"https:\/\/mochacelis.org\/en\/wp-json\/wp\/v2\/users\/1"}],"version-history":[{"count":84,"href":"https:\/\/mochacelis.org\/en\/wp-json\/wp\/v2\/courses\/13885\/revisions"}],"predecessor-version":[{"id":14697,"href":"https:\/\/mochacelis.org\/en\/wp-json\/wp\/v2\/courses\/13885\/revisions\/14697"}],"wp:featuredmedia":[{"embeddable":true,"href":"https:\/\/mochacelis.org\/en\/wp-json\/wp\/v2\/media\/14691"}],"wp:attachment":[{"href":"https:\/\/mochacelis.org\/en\/wp-json\/wp\/v2\/media?parent=13885"}],"wp:term":[{"taxonomy":"course-category","embeddable":true,"href":"https:\/\/mochacelis.org\/en\/wp-json\/wp\/v2\/course-category?post=13885"}],"curies":[{"name":"wp","href":"https:\/\/api.w.org\/{rel}","templated":true}]}}